{"id":5480,"date":"2023-06-27T14:04:01","date_gmt":"2023-06-27T19:04:01","guid":{"rendered":"https:\/\/dynamicmedellin.com\/index.php\/producto\/dji-mini-3-no-es-la-version-pro\/"},"modified":"2024-03-30T13:46:27","modified_gmt":"2024-03-30T18:46:27","slug":"dji-mini-3-no-es-la-version-pro","status":"publish","type":"product","link":"https:\/\/dynamicmedellin.com\/index.php\/producto\/dji-mini-3-no-es-la-version-pro\/","title":{"rendered":"Dji Mini 3 (control con pantalla)"},"content":{"rendered":"<p>DJI Mini 3 \ud83d\ude81<\/p>\n<p>\ud83d\udc49Peso de Despegue: 248 g \ud83d\udcbc<br \/>\n\ud83d\udc49Dimensiones: Plegado 148\u00d790\u00d762 mm, Desplegado 251\u00d7362\u00d772 mm \ud83d\udd0d<br \/>\n\ud83d\udc49Velocidad M\u00e1x Ascenso: 5 m\/s \ud83d\ude80, Descenso: 3.5 m\/s \u2b07\ufe0f<br \/>\n\ud83d\udc49Velocidad M\u00e1x Horizontal: 16 m\/s \u27a1\ufe0f<br \/>\n\ud83d\udc49Altitud M\u00e1x Despegue: 4000 m con bater\u00eda est\u00e1ndar, 3000 m con bater\u00eda Plus \ud83d\udd1d<br \/>\n\ud83d\udc49Tiempo M\u00e1x Vuelo: 38 min con bater\u00eda est\u00e1ndar, 51 min con bater\u00eda Plus \u23f1\ufe0f<br \/>\n\ud83d\udc49Distancia M\u00e1x Vuelo: 18 km con bater\u00eda est\u00e1ndar, 25 km con bater\u00eda Plus \ud83d\udee3\ufe0f<br \/>\n\ud83d\udc49Resistencia M\u00e1x a Viento: 10.7 m\/s \ud83c\udf2c\ufe0f<br \/>\n\ud83d\udc49\u00c1ngulo M\u00e1x Inclinaci\u00f3n: 40\u00b0 \u2696\ufe0f<br \/>\n\ud83d\udc49Temperatura de Operaci\u00f3n: -10\u00b0 a 40\u00b0 C \ud83c\udf21\ufe0f<br \/>\n\ud83d\udc49Sistema de Navegaci\u00f3n: GPS + GLONASS + Galileo \ud83d\udef0\ufe0f<\/p>\n<p>C\u00e1mara \ud83d\udcf8<\/p>\n<p>\ud83d\udc49Sensor de Imagen: 1\/1.3-inch CMOS, 48MP \ud83d\uddbc\ufe0f<br \/>\n\ud83d\udc49Lente: FOV: 82.1\u00b0, Apertura: f\/1.7 \ud83c\udfa5<br \/>\n\ud83d\udc49Rango ISO: Video 100-3200, Foto 100-3200 \ud83c\udf13<br \/>\n\ud83d\udc49Resoluci\u00f3n Video: 4K, 2.7K, FHD \ud83c\udf9e\ufe0f<br \/>\n\ud83d\udc49Modos QuickShots: Dronie, Helix, Rocket, Circle, Boomerang \ud83d\ude80<\/p>\n<p>Gimbal \ud83d\udd04<\/p>\n<p>\ud83d\udc49Estabilizaci\u00f3n: 3-ejes (inclinaci\u00f3n, rodillo, pan) \ud83d\udd03<br \/>\n\ud83d\udc49Rango Mec\u00e1nico: Inclinaci\u00f3n -135\u00b0 a 80\u00b0, Rodillo -135\u00b0 a 45\u00b0, Pan -30\u00b0 a 30\u00b0 \u2194\ufe0f<\/p>\n<p>Bater\u00eda \ud83d\udd0b<\/p>\n<p>\ud83d\udc49Capacidad: 2453 mAh est\u00e1ndar, 3850 mAh Plus \ud83d\udd0c<br \/>\n\ud83d\udc49Peso: 80.5 g est\u00e1ndar, 121 g Plus \u2696\ufe0f<br \/>\n\ud83d\udc49Tiempo de Carga: 64 min est\u00e1ndar, 101 min Plus \u23f1\ufe0f<\/p>\n<p>Control Remoto \ud83c\udfae<\/p>\n<p>\ud83d\udc49Tiempo M\u00e1x Operaci\u00f3n: 6 horas sin cargar dispositivo m\u00f3vil, 4 horas cargando dispositivo m\u00f3vil \u231b<br \/>\n\ud83d\udc49Tama\u00f1o M\u00e1x Dispositivo M\u00f3vil Soportado: 180\u00d786\u00d710 mm \ud83d\udcf1<br \/>\n\ud83d\udc49Temperatura de Operaci\u00f3n: -10\u00b0 a 40\u00b0 C \ud83c\udf21\ufe0f<\/p>\n<p>Tarjetas microSD Recomendadas \ud83d\udcbe<\/p>\n<p>\ud83d\udc49SanDisk Extreme 32GB, 64GB, 128GB, 256GB<br \/>\n\ud83d\udc49Kingston Canvas Go!Plus 64GB, 128GB, 256GB<br \/>\n\ud83d\udc49Samsung PRO Plus 256GB<\/p>\n","protected":false},"excerpt":{"rendered":"<p>DJI Mini 3 \ud83d\ude81 \ud83d\udc49Peso de Despegue: 248 g \ud83d\udcbc \ud83d\udc49Dimensiones: Plegado 148\u00d790\u00d762 mm, Desplegado 251\u00d7362\u00d772 mm \ud83d\udd0d \ud83d\udc49Velocidad M\u00e1x Ascenso: 5 m\/s \ud83d\ude80, Descenso: 3.5 m\/s \u2b07\ufe0f \ud83d\udc49Velocidad M\u00e1x Horizontal: 16 m\/s \u27a1\ufe0f \ud83d\udc49Altitud M\u00e1x Despegue: 4000 m con bater\u00eda est\u00e1ndar, 3000 m con bater\u00eda Plus \ud83d\udd1d \ud83d\udc49Tiempo M\u00e1x Vuelo: 38 min con bater\u00eda [&hellip;]<\/p>\n","protected":false},"featured_media":20534,"comment_status":"open","ping_status":"closed","template":"","meta":{"_monsterinsights_skip_tracking":false,"_monsterinsights_sitenote_active":false,"_monsterinsights_sitenote_note":"","_monsterinsights_sitenote_category":0},"product_brand":[37],"product_cat":[89,42],"product_tag":[],"class_list":{"0":"post-5480","1":"product","2":"type-product","3":"status-publish","4":"has-post-thumbnail","6":"product_brand-dji","7":"product_cat-catalogo-drones-dynamic-medellin","8":"product_cat-dronesprofesionales","10":"first","11":"outofstock","12":"shipping-taxable","13":"product-type-simple"},"yoast_head":"<!-- This site is optimized with the Yoast SEO Premium plugin v21.4 (Yoast SEO v27.4) - https:\/\/yoast.com\/product\/yoast-seo-premium-wordpress\/ -->\n<title>Dji Mini 3 (control con pantalla) - Dynamic Medell\u00edn<\/title>\n<meta name=\"robots\" content=\"index, follow, max-snippet:-1, max-image-preview:large, max-video-preview:-1\" \/>\n<link rel=\"canonical\" href=\"https:\/\/dynamicmedellin.com\/index.php\/producto\/dji-mini-3-no-es-la-version-pro\/\" \/>\n<meta property=\"og:locale\" content=\"es_ES\" \/>\n<meta property=\"og:type\" content=\"article\" \/>\n<meta property=\"og:title\" content=\"Dji Mini 3 (control con pantalla)\" \/>\n<meta property=\"og:description\" content=\"DJI Mini 3 \ud83d\ude81 \ud83d\udc49Peso de Despegue: 248 g \ud83d\udcbc \ud83d\udc49Dimensiones: Plegado 148\u00d790\u00d762 mm, Desplegado 251\u00d7362\u00d772 mm \ud83d\udd0d \ud83d\udc49Velocidad M\u00e1x Ascenso: 5 m\/s \ud83d\ude80, Descenso: 3.5 m\/s \u2b07\ufe0f \ud83d\udc49Velocidad M\u00e1x Horizontal: 16 m\/s \u27a1\ufe0f \ud83d\udc49Altitud M\u00e1x Despegue: 4000 m con bater\u00eda est\u00e1ndar, 3000 m con bater\u00eda Plus \ud83d\udd1d \ud83d\udc49Tiempo M\u00e1x Vuelo: 38 min con bater\u00eda [&hellip;]\" \/>\n<meta property=\"og:url\" content=\"https:\/\/dynamicmedellin.com\/index.php\/producto\/dji-mini-3-no-es-la-version-pro\/\" \/>\n<meta property=\"og:site_name\" content=\"Dynamic Medell\u00edn\" \/>\n<meta property=\"article:publisher\" content=\"https:\/\/www.facebook.com\/dynamicmedellinn?_rdc=1&amp;_rdr\" \/>\n<meta property=\"article:modified_time\" content=\"2024-03-30T18:46:27+00:00\" \/>\n<meta property=\"og:image\" content=\"https:\/\/i0.wp.com\/dynamicmedellin.com\/wp-content\/uploads\/2023\/06\/mini3.png?fit=1080%2C1080&ssl=1\" \/>\n\t<meta property=\"og:image:width\" content=\"1080\" \/>\n\t<meta property=\"og:image:height\" content=\"1080\" \/>\n\t<meta property=\"og:image:type\" content=\"image\/png\" \/>\n<meta name=\"twitter:card\" content=\"summary_large_image\" \/>\n<meta name=\"twitter:label1\" content=\"Tiempo de lectura\" \/>\n\t<meta name=\"twitter:data1\" content=\"3 minutos\" \/>\n<script type=\"application\/ld+json\" class=\"yoast-schema-graph\">{\"@context\":\"https:\\\/\\\/schema.org\",\"@graph\":[{\"@type\":\"WebPage\",\"@id\":\"https:\\\/\\\/dynamicmedellin.com\\\/index.php\\\/producto\\\/dji-mini-3-no-es-la-version-pro\\\/\",\"url\":\"https:\\\/\\\/dynamicmedellin.com\\\/index.php\\\/producto\\\/dji-mini-3-no-es-la-version-pro\\\/\",\"name\":\"Dji Mini 3 (control con pantalla) - Dynamic Medell\u00edn\",\"isPartOf\":{\"@id\":\"https:\\\/\\\/dynamicmedellin.com\\\/#website\"},\"primaryImageOfPage\":{\"@id\":\"https:\\\/\\\/dynamicmedellin.com\\\/index.php\\\/producto\\\/dji-mini-3-no-es-la-version-pro\\\/#primaryimage\"},\"image\":{\"@id\":\"https:\\\/\\\/dynamicmedellin.com\\\/index.php\\\/producto\\\/dji-mini-3-no-es-la-version-pro\\\/#primaryimage\"},\"thumbnailUrl\":\"https:\\\/\\\/i0.wp.com\\\/dynamicmedellin.com\\\/wp-content\\\/uploads\\\/2023\\\/06\\\/mini3.png?fit=1080%2C1080&ssl=1\",\"datePublished\":\"2023-06-27T19:04:01+00:00\",\"dateModified\":\"2024-03-30T18:46:27+00:00\",\"breadcrumb\":{\"@id\":\"https:\\\/\\\/dynamicmedellin.com\\\/index.php\\\/producto\\\/dji-mini-3-no-es-la-version-pro\\\/#breadcrumb\"},\"inLanguage\":\"es\",\"potentialAction\":[{\"@type\":\"ReadAction\",\"target\":[\"https:\\\/\\\/dynamicmedellin.com\\\/index.php\\\/producto\\\/dji-mini-3-no-es-la-version-pro\\\/\"]}]},{\"@type\":\"ImageObject\",\"inLanguage\":\"es\",\"@id\":\"https:\\\/\\\/dynamicmedellin.com\\\/index.php\\\/producto\\\/dji-mini-3-no-es-la-version-pro\\\/#primaryimage\",\"url\":\"https:\\\/\\\/i0.wp.com\\\/dynamicmedellin.com\\\/wp-content\\\/uploads\\\/2023\\\/06\\\/mini3.png?fit=1080%2C1080&ssl=1\",\"contentUrl\":\"https:\\\/\\\/i0.wp.com\\\/dynamicmedellin.com\\\/wp-content\\\/uploads\\\/2023\\\/06\\\/mini3.png?fit=1080%2C1080&ssl=1\",\"width\":1080,\"height\":1080},{\"@type\":\"BreadcrumbList\",\"@id\":\"https:\\\/\\\/dynamicmedellin.com\\\/index.php\\\/producto\\\/dji-mini-3-no-es-la-version-pro\\\/#breadcrumb\",\"itemListElement\":[{\"@type\":\"ListItem\",\"position\":1,\"name\":\"Home\",\"item\":\"https:\\\/\\\/dynamicmedellin.com\\\/\"},{\"@type\":\"ListItem\",\"position\":2,\"name\":\"Tienda\",\"item\":\"https:\\\/\\\/dynamicmedellin.com\\\/index.php\\\/tienda\\\/\"},{\"@type\":\"ListItem\",\"position\":3,\"name\":\"Dji Mini 3 (control con pantalla)\"}]},{\"@type\":\"WebSite\",\"@id\":\"https:\\\/\\\/dynamicmedellin.com\\\/#website\",\"url\":\"https:\\\/\\\/dynamicmedellin.com\\\/\",\"name\":\"Dynamic Medellin\",\"description\":\"Somos tu mejor opci\u00f3n\",\"publisher\":{\"@id\":\"https:\\\/\\\/dynamicmedellin.com\\\/#organization\"},\"alternateName\":\"dynamicmedellin\",\"potentialAction\":[{\"@type\":\"SearchAction\",\"target\":{\"@type\":\"EntryPoint\",\"urlTemplate\":\"https:\\\/\\\/dynamicmedellin.com\\\/?s={search_term_string}\"},\"query-input\":{\"@type\":\"PropertyValueSpecification\",\"valueRequired\":true,\"valueName\":\"search_term_string\"}}],\"inLanguage\":\"es\"},{\"@type\":\"Organization\",\"@id\":\"https:\\\/\\\/dynamicmedellin.com\\\/#organization\",\"name\":\"Dynamic Medellin\",\"url\":\"https:\\\/\\\/dynamicmedellin.com\\\/\",\"logo\":{\"@type\":\"ImageObject\",\"inLanguage\":\"es\",\"@id\":\"https:\\\/\\\/dynamicmedellin.com\\\/#\\\/schema\\\/logo\\\/image\\\/\",\"url\":\"https:\\\/\\\/dynamicmedellin.com\\\/wp-content\\\/uploads\\\/2023\\\/05\\\/info-copia.png\",\"contentUrl\":\"https:\\\/\\\/dynamicmedellin.com\\\/wp-content\\\/uploads\\\/2023\\\/05\\\/info-copia.png\",\"width\":640,\"height\":500,\"caption\":\"Dynamic Medellin\"},\"image\":{\"@id\":\"https:\\\/\\\/dynamicmedellin.com\\\/#\\\/schema\\\/logo\\\/image\\\/\"},\"sameAs\":[\"https:\\\/\\\/www.facebook.com\\\/dynamicmedellinn?_rdc=1&_rdr\",\"https:\\\/\\\/www.instagram.com\\\/dynamicmedellin\\\/\",\"https:\\\/\\\/www.youtube.com\\\/channel\\\/UCzCIIOSv19G1brNDzyxhRjQ\"]}]}<\/script>\n<!-- \/ Yoast SEO Premium plugin. -->","yoast_head_json":{"title":"Dji Mini 3 (control con pantalla) - Dynamic Medell\u00edn","robots":{"index":"index","follow":"follow","max-snippet":"max-snippet:-1","max-image-preview":"max-image-preview:large","max-video-preview":"max-video-preview:-1"},"canonical":"https:\/\/dynamicmedellin.com\/index.php\/producto\/dji-mini-3-no-es-la-version-pro\/","og_locale":"es_ES","og_type":"article","og_title":"Dji Mini 3 (control con pantalla)","og_description":"DJI Mini 3 \ud83d\ude81 \ud83d\udc49Peso de Despegue: 248 g \ud83d\udcbc \ud83d\udc49Dimensiones: Plegado 148\u00d790\u00d762 mm, Desplegado 251\u00d7362\u00d772 mm \ud83d\udd0d \ud83d\udc49Velocidad M\u00e1x Ascenso: 5 m\/s \ud83d\ude80, Descenso: 3.5 m\/s \u2b07\ufe0f \ud83d\udc49Velocidad M\u00e1x Horizontal: 16 m\/s \u27a1\ufe0f \ud83d\udc49Altitud M\u00e1x Despegue: 4000 m con bater\u00eda est\u00e1ndar, 3000 m con bater\u00eda Plus \ud83d\udd1d \ud83d\udc49Tiempo M\u00e1x Vuelo: 38 min con bater\u00eda [&hellip;]","og_url":"https:\/\/dynamicmedellin.com\/index.php\/producto\/dji-mini-3-no-es-la-version-pro\/","og_site_name":"Dynamic Medell\u00edn","article_publisher":"https:\/\/www.facebook.com\/dynamicmedellinn?_rdc=1&_rdr","article_modified_time":"2024-03-30T18:46:27+00:00","og_image":[{"width":1080,"height":1080,"url":"https:\/\/i0.wp.com\/dynamicmedellin.com\/wp-content\/uploads\/2023\/06\/mini3.png?fit=1080%2C1080&ssl=1","type":"image\/png"}],"twitter_card":"summary_large_image","twitter_misc":{"Tiempo de lectura":"3 minutos"},"schema":{"@context":"https:\/\/schema.org","@graph":[{"@type":"WebPage","@id":"https:\/\/dynamicmedellin.com\/index.php\/producto\/dji-mini-3-no-es-la-version-pro\/","url":"https:\/\/dynamicmedellin.com\/index.php\/producto\/dji-mini-3-no-es-la-version-pro\/","name":"Dji Mini 3 (control con pantalla) - Dynamic Medell\u00edn","isPartOf":{"@id":"https:\/\/dynamicmedellin.com\/#website"},"primaryImageOfPage":{"@id":"https:\/\/dynamicmedellin.com\/index.php\/producto\/dji-mini-3-no-es-la-version-pro\/#primaryimage"},"image":{"@id":"https:\/\/dynamicmedellin.com\/index.php\/producto\/dji-mini-3-no-es-la-version-pro\/#primaryimage"},"thumbnailUrl":"https:\/\/i0.wp.com\/dynamicmedellin.com\/wp-content\/uploads\/2023\/06\/mini3.png?fit=1080%2C1080&ssl=1","datePublished":"2023-06-27T19:04:01+00:00","dateModified":"2024-03-30T18:46:27+00:00","breadcrumb":{"@id":"https:\/\/dynamicmedellin.com\/index.php\/producto\/dji-mini-3-no-es-la-version-pro\/#breadcrumb"},"inLanguage":"es","potentialAction":[{"@type":"ReadAction","target":["https:\/\/dynamicmedellin.com\/index.php\/producto\/dji-mini-3-no-es-la-version-pro\/"]}]},{"@type":"ImageObject","inLanguage":"es","@id":"https:\/\/dynamicmedellin.com\/index.php\/producto\/dji-mini-3-no-es-la-version-pro\/#primaryimage","url":"https:\/\/i0.wp.com\/dynamicmedellin.com\/wp-content\/uploads\/2023\/06\/mini3.png?fit=1080%2C1080&ssl=1","contentUrl":"https:\/\/i0.wp.com\/dynamicmedellin.com\/wp-content\/uploads\/2023\/06\/mini3.png?fit=1080%2C1080&ssl=1","width":1080,"height":1080},{"@type":"BreadcrumbList","@id":"https:\/\/dynamicmedellin.com\/index.php\/producto\/dji-mini-3-no-es-la-version-pro\/#breadcrumb","itemListElement":[{"@type":"ListItem","position":1,"name":"Home","item":"https:\/\/dynamicmedellin.com\/"},{"@type":"ListItem","position":2,"name":"Tienda","item":"https:\/\/dynamicmedellin.com\/index.php\/tienda\/"},{"@type":"ListItem","position":3,"name":"Dji Mini 3 (control con pantalla)"}]},{"@type":"WebSite","@id":"https:\/\/dynamicmedellin.com\/#website","url":"https:\/\/dynamicmedellin.com\/","name":"Dynamic Medellin","description":"Somos tu mejor opci\u00f3n","publisher":{"@id":"https:\/\/dynamicmedellin.com\/#organization"},"alternateName":"dynamicmedellin","potentialAction":[{"@type":"SearchAction","target":{"@type":"EntryPoint","urlTemplate":"https:\/\/dynamicmedellin.com\/?s={search_term_string}"},"query-input":{"@type":"PropertyValueSpecification","valueRequired":true,"valueName":"search_term_string"}}],"inLanguage":"es"},{"@type":"Organization","@id":"https:\/\/dynamicmedellin.com\/#organization","name":"Dynamic Medellin","url":"https:\/\/dynamicmedellin.com\/","logo":{"@type":"ImageObject","inLanguage":"es","@id":"https:\/\/dynamicmedellin.com\/#\/schema\/logo\/image\/","url":"https:\/\/dynamicmedellin.com\/wp-content\/uploads\/2023\/05\/info-copia.png","contentUrl":"https:\/\/dynamicmedellin.com\/wp-content\/uploads\/2023\/05\/info-copia.png","width":640,"height":500,"caption":"Dynamic Medellin"},"image":{"@id":"https:\/\/dynamicmedellin.com\/#\/schema\/logo\/image\/"},"sameAs":["https:\/\/www.facebook.com\/dynamicmedellinn?_rdc=1&_rdr","https:\/\/www.instagram.com\/dynamicmedellin\/","https:\/\/www.youtube.com\/channel\/UCzCIIOSv19G1brNDzyxhRjQ"]}]}},"jetpack_sharing_enabled":true,"_links":{"self":[{"href":"https:\/\/dynamicmedellin.com\/index.php\/wp-json\/wp\/v2\/product\/5480","targetHints":{"allow":["GET"]}}],"collection":[{"href":"https:\/\/dynamicmedellin.com\/index.php\/wp-json\/wp\/v2\/product"}],"about":[{"href":"https:\/\/dynamicmedellin.com\/index.php\/wp-json\/wp\/v2\/types\/product"}],"replies":[{"embeddable":true,"href":"https:\/\/dynamicmedellin.com\/index.php\/wp-json\/wp\/v2\/comments?post=5480"}],"wp:featuredmedia":[{"embeddable":true,"href":"https:\/\/dynamicmedellin.com\/index.php\/wp-json\/wp\/v2\/media\/20534"}],"wp:attachment":[{"href":"https:\/\/dynamicmedellin.com\/index.php\/wp-json\/wp\/v2\/media?parent=5480"}],"wp:term":[{"taxonomy":"product_brand","embeddable":true,"href":"https:\/\/dynamicmedellin.com\/index.php\/wp-json\/wp\/v2\/product_brand?post=5480"},{"taxonomy":"product_cat","embeddable":true,"href":"https:\/\/dynamicmedellin.com\/index.php\/wp-json\/wp\/v2\/product_cat?post=5480"},{"taxonomy":"product_tag","embeddable":true,"href":"https:\/\/dynamicmedellin.com\/index.php\/wp-json\/wp\/v2\/product_tag?post=5480"}],"curies":[{"name":"wp","href":"https:\/\/api.w.org\/{rel}","templated":true}]}}